




{"id":4364,"date":"2020-01-06T09:43:17","date_gmt":"2020-01-06T14:43:17","guid":{"rendered":"https:\/\/vitessetransport.com\/?page_id=4364"},"modified":"2023-10-27T15:28:59","modified_gmt":"2023-10-27T19:28:59","slug":"equipe-corporative","status":"publish","type":"page","link":"https:\/\/vitessetransport.com\/fr\/nous-sommes-vitesse-transport\/equipe-corporative\/","title":{"rendered":"\u00c9quipe corporative"},"content":{"rendered":"<h1>\u00c9quipe Corporative<\/h1>\n<h4>Corporative<\/h4>\n<h2>notre mission<\/h2>\n<h2>\u00c9quipe  Corporative<\/h2>\n<p>\t\t\t\t\t\t\t\t\t\t\t\t\t\t\t<img loading=\"lazy\" decoding=\"async\" width=\"285\" height=\"362\" src=\"https:\/\/vitessetransport.com\/wp-content\/uploads\/2019\/11\/corporate-team-aldo-decarolis.jpg\" alt=\"corporate team aldo decarolis\" loading=\"lazy\" srcset=\"https:\/\/vitessetransport.com\/wp-content\/uploads\/2019\/11\/corporate-team-aldo-decarolis.jpg 285w, https:\/\/vitessetransport.com\/wp-content\/uploads\/2019\/11\/corporate-team-aldo-decarolis-236x300.jpg 236w\" sizes=\"auto, (max-width: 285px) 100vw, 285px\" \/>\t\t\t\t\t\t\t\t\t\t\t\t\t\t\t<\/p>\n<h2>Aldo Decarolis<\/h2>\n<p>\t\t\t\t\t<a href=\"https:\/\/www.linkedin.com\/in\/aldo-decarolis-6a23a711\/\" target=\"_blank\" rel=\"noopener\"><br \/>\n\t\t\t\t\t\tLinkedin<br \/>\n\t\t\t\t\t\t\t\t\t\t\t<\/a><\/p>\n<p>Pr\u00e9sident et chef de la direction.<\/p>\n<p>\t\t\t\t\t\t\t\t\t\t\t\t\t\t\t<img loading=\"lazy\" decoding=\"async\" width=\"285\" height=\"362\" src=\"https:\/\/vitessetransport.com\/wp-content\/uploads\/2019\/11\/corporate-team-michael-scalzo.jpg\" alt=\"corporate team michael scalzo\" loading=\"lazy\" srcset=\"https:\/\/vitessetransport.com\/wp-content\/uploads\/2019\/11\/corporate-team-michael-scalzo.jpg 285w, https:\/\/vitessetransport.com\/wp-content\/uploads\/2019\/11\/corporate-team-michael-scalzo-236x300.jpg 236w\" sizes=\"auto, (max-width: 285px) 100vw, 285px\" \/>\t\t\t\t\t\t\t\t\t\t\t\t\t\t\t<\/p>\n<h2>Michael Scalzo<\/h2>\n<p>\t\t\t\t\t<a href=\"https:\/\/www.linkedin.com\/in\/michael-scalzo-03818812\/?locale=fr_FR\" target=\"_blank\" rel=\"noopener\"><br \/>\n\t\t\t\t\t\tLinkedin<br \/>\n\t\t\t\t\t\t\t\t\t\t\t<\/a><\/p>\n<p>Vice-pr\u00e9sident ex\u00e9cutif et chef de la direction financi\u00e8re.<\/p>\n<p>\t\t\t\t\t\t\t\t\t\t\t\t\t\t\t<img loading=\"lazy\" decoding=\"async\" width=\"285\" height=\"362\" src=\"https:\/\/vitessetransport.com\/wp-content\/uploads\/2019\/11\/corporate-team-mo-selim.jpg\" alt=\"corporate team mo selim\" loading=\"lazy\" srcset=\"https:\/\/vitessetransport.com\/wp-content\/uploads\/2019\/11\/corporate-team-mo-selim.jpg 285w, https:\/\/vitessetransport.com\/wp-content\/uploads\/2019\/11\/corporate-team-mo-selim-236x300.jpg 236w\" sizes=\"auto, (max-width: 285px) 100vw, 285px\" \/>\t\t\t\t\t\t\t\t\t\t\t\t\t\t\t<\/p>\n<h2>Mo Selim<\/h2>\n<p>\t\t\t\t\t<a href=\"http:\/\/ca.linkedin.com\/pub\/mo-selim\/31\/10b\/8b7\" target=\"_blank\" rel=\"noopener\"><br \/>\n\t\t\t\t\t\tLinkedin<br \/>\n\t\t\t\t\t\t\t\t\t\t\t<\/a><\/p>\n<p>Chef d&rsquo;exploitation<\/p>\n<p>\t\t\t\t\t\t\t\t\t\t\t\t\t\t\t<img loading=\"lazy\" decoding=\"async\" width=\"285\" height=\"362\" src=\"https:\/\/vitessetransport.com\/wp-content\/uploads\/2023\/10\/Domenic_1.jpg\" alt=\"\" loading=\"lazy\" srcset=\"https:\/\/vitessetransport.com\/wp-content\/uploads\/2023\/10\/Domenic_1.jpg 285w, https:\/\/vitessetransport.com\/wp-content\/uploads\/2023\/10\/Domenic_1-236x300.jpg 236w, https:\/\/vitessetransport.com\/wp-content\/uploads\/2023\/10\/Domenic_1-194x247.jpg 194w\" sizes=\"auto, (max-width: 285px) 100vw, 285px\" \/>\t\t\t\t\t\t\t\t\t\t\t\t\t\t\t<\/p>\n<h2>Domenic Santini<\/h2>\n<p>\t\t\t\t\t<a href=\"https:\/\/www.linkedin.com\/in\/domenic-santini-b10b804\/\" target=\"_blank\" rel=\"noopener\"><br \/>\n\t\t\t\t\t\tLinkedin<br \/>\n\t\t\t\t\t\t\t\t\t\t\t<\/a><\/p>\n<p>Chef des technologies de l\u2019information. <\/p>\n<p>\t\t\t\t\t\t\t\t\t\t\t\t\t\t\t<img loading=\"lazy\" decoding=\"async\" width=\"285\" height=\"362\" src=\"https:\/\/vitessetransport.com\/wp-content\/uploads\/2023\/10\/Emidio_1.jpg\" alt=\"\" loading=\"lazy\" srcset=\"https:\/\/vitessetransport.com\/wp-content\/uploads\/2023\/10\/Emidio_1.jpg 285w, https:\/\/vitessetransport.com\/wp-content\/uploads\/2023\/10\/Emidio_1-236x300.jpg 236w, https:\/\/vitessetransport.com\/wp-content\/uploads\/2023\/10\/Emidio_1-194x247.jpg 194w\" sizes=\"auto, (max-width: 285px) 100vw, 285px\" \/>\t\t\t\t\t\t\t\t\t\t\t\t\t\t\t<\/p>\n<h2>Emidio DeCarolis, Ph.D.<\/h2>\n<p>\t\t\t\t\t<a href=\"https:\/\/www.linkedin.com\/in\/emidio-de-carolis-a6149a14\/\" target=\"_blank\" rel=\"noopener\"><br \/>\n\t\t\t\t\t\tLinkedin<br \/>\n\t\t\t\t\t\t\t\t\t\t\t<\/a><\/p>\n<p>Vice-pr\u00e9sident, r\u00e9glementation et assurance qualit\u00e9, et consultant en op\u00e9rations<\/p>\n<p>\t\t\t\t\t\t\t\t\t\t\t\t\t\t\t<img loading=\"lazy\" decoding=\"async\" width=\"285\" height=\"362\" src=\"https:\/\/vitessetransport.com\/wp-content\/uploads\/2019\/11\/corporate-team-julienne-bucci.jpg\" alt=\"corporate team julienne bucci\" loading=\"lazy\" srcset=\"https:\/\/vitessetransport.com\/wp-content\/uploads\/2019\/11\/corporate-team-julienne-bucci.jpg 285w, https:\/\/vitessetransport.com\/wp-content\/uploads\/2019\/11\/corporate-team-julienne-bucci-236x300.jpg 236w\" sizes=\"auto, (max-width: 285px) 100vw, 285px\" \/>\t\t\t\t\t\t\t\t\t\t\t\t\t\t\t<\/p>\n<h2>Julienne Bucci<\/h2>\n<p>\t\t\t\t\t<a href=\"https:\/\/www.linkedin.com\/in\/juliennebucci\/\" target=\"_blank\" rel=\"noopener\"><br \/>\n\t\t\t\t\t\tLinkedin<br \/>\n\t\t\t\t\t\t\t\t\t\t\t<\/a><\/p>\n<p>Vice-pr\u00e9sidente, RH &#038; conformit\u00e9<\/p>\n","protected":false},"excerpt":{"rendered":"<p>\u00c9quipe Corporative Corporative notre mission \u00c9quipe Corporative Aldo Decarolis Linkedin Pr\u00e9sident et chef de la direction. Michael Scalzo Linkedin Vice-pr\u00e9sident ex\u00e9cutif et chef de la direction financi\u00e8re. Mo Selim Linkedin Chef d&rsquo;exploitation Domenic Santini Linkedin Chef des technologies de l\u2019information. Emidio DeCarolis, Ph.D. Linkedin Vice-pr\u00e9sident, r\u00e9glementation et assurance qualit\u00e9, et consultant en op\u00e9rations Julienne Bucci [&hellip;]<\/p>\n","protected":false},"author":1,"featured_media":0,"parent":4449,"menu_order":0,"comment_status":"closed","ping_status":"closed","template":"","meta":{"_acf_changed":false,"ocean_post_layout":"","ocean_both_sidebars_style":"","ocean_both_sidebars_content_width":0,"ocean_both_sidebars_sidebars_width":0,"ocean_sidebar":"0","ocean_second_sidebar":"0","ocean_disable_margins":"enable","ocean_add_body_class":"","ocean_shortcode_before_top_bar":"","ocean_shortcode_after_top_bar":"","ocean_shortcode_before_header":"","ocean_shortcode_after_header":"","ocean_has_shortcode":"","ocean_shortcode_after_title":"","ocean_shortcode_before_footer_widgets":"","ocean_shortcode_after_footer_widgets":"","ocean_shortcode_before_footer_bottom":"","ocean_shortcode_after_footer_bottom":"","ocean_display_top_bar":"default","ocean_display_header":"default","ocean_header_style":"","ocean_center_header_left_menu":"0","ocean_custom_header_template":"0","ocean_custom_logo":0,"ocean_custom_retina_logo":0,"ocean_custom_logo_max_width":0,"ocean_custom_logo_tablet_max_width":0,"ocean_custom_logo_mobile_max_width":0,"ocean_custom_logo_max_height":0,"ocean_custom_logo_tablet_max_height":0,"ocean_custom_logo_mobile_max_height":0,"ocean_header_custom_menu":"0","ocean_menu_typo_font_family":"0","ocean_menu_typo_font_subset":"","ocean_menu_typo_font_size":0,"ocean_menu_typo_font_size_tablet":0,"ocean_menu_typo_font_size_mobile":0,"ocean_menu_typo_font_size_unit":"px","ocean_menu_typo_font_weight":"","ocean_menu_typo_font_weight_tablet":"","ocean_menu_typo_font_weight_mobile":"","ocean_menu_typo_transform":"","ocean_menu_typo_transform_tablet":"","ocean_menu_typo_transform_mobile":"","ocean_menu_typo_line_height":0,"ocean_menu_typo_line_height_tablet":0,"ocean_menu_typo_line_height_mobile":0,"ocean_menu_typo_line_height_unit":"","ocean_menu_typo_spacing":0,"ocean_menu_typo_spacing_tablet":0,"ocean_menu_typo_spacing_mobile":0,"ocean_menu_typo_spacing_unit":"","ocean_menu_link_color":"","ocean_menu_link_color_hover":"","ocean_menu_link_color_active":"","ocean_menu_link_background":"","ocean_menu_link_hover_background":"","ocean_menu_link_active_background":"","ocean_menu_social_links_bg":"","ocean_menu_social_hover_links_bg":"","ocean_menu_social_links_color":"","ocean_menu_social_hover_links_color":"","ocean_disable_title":"default","ocean_disable_heading":"default","ocean_post_title":"","ocean_post_subheading":"","ocean_post_title_style":"","ocean_post_title_background_color":"","ocean_post_title_background":0,"ocean_post_title_bg_image_position":"","ocean_post_title_bg_image_attachment":"","ocean_post_title_bg_image_repeat":"","ocean_post_title_bg_image_size":"","ocean_post_title_height":0,"ocean_post_title_bg_overlay":0.5,"ocean_post_title_bg_overlay_color":"","ocean_disable_breadcrumbs":"default","ocean_breadcrumbs_color":"","ocean_breadcrumbs_separator_color":"","ocean_breadcrumbs_links_color":"","ocean_breadcrumbs_links_hover_color":"","ocean_display_footer_widgets":"default","ocean_display_footer_bottom":"default","ocean_custom_footer_template":"0","osh_disable_topbar_sticky":"default","osh_disable_header_sticky":"default","osh_sticky_header_style":"default","osh_sticky_header_effect":"","osh_custom_sticky_logo":0,"osh_custom_retina_sticky_logo":0,"osh_custom_sticky_logo_height":0,"osh_background_color":"","osh_links_color":"","osh_links_hover_color":"","osh_links_active_color":"","osh_links_bg_color":"","osh_links_hover_bg_color":"","osh_links_active_bg_color":"","osh_menu_social_links_color":"","osh_menu_social_hover_links_color":"","footnotes":""},"class_list":["post-4364","page","type-page","status-publish","hentry","entry"],"acf":[],"yoast_head":"<!-- This site is optimized with the Yoast SEO plugin v27.5 - https:\/\/yoast.com\/product\/yoast-seo-wordpress\/ -->\n<title>L&#039;\u00e9quipe de direction de Vitesse. | Vitesse Transport<\/title>\n<meta name=\"description\" content=\"Notre objectif est d&#039;offrir des services de transport fiables et personnalis\u00e9s auxquels nos clients peuvent faire confiance. Nous sommes fiers de r\u00e9pondre aux besoins uniques et complexes de chaque client en mati\u00e8re de transport. Nous mettons tout en oeuvre pour fournir \u00e0 nos clients des informations de qualit\u00e9 au sujet du rep\u00e9rage des produits et des politiques de prix avantageuses pour tous. Nous ajoutons de la valeur aux r\u00e9sultats financiers de nos clients. Nous prenons la responsabilit\u00e9 de servir nos clients avec le plus grand soin et dans les plus brefs d\u00e9lais.\" \/>\n<meta name=\"robots\" content=\"index, follow, max-snippet:-1, max-image-preview:large, max-video-preview:-1\" \/>\n<link rel=\"canonical\" href=\"https:\/\/vitessetransport.com\/about\/corporate-team\/\" \/>\n<meta property=\"og:locale\" content=\"fr_CA\" \/>\n<meta property=\"og:type\" content=\"article\" \/>\n<meta property=\"og:title\" content=\"L&#039;\u00e9quipe de direction de Vitesse. | Vitesse Transport\" \/>\n<meta property=\"og:description\" content=\"Notre objectif est d&#039;offrir des services de transport fiables et personnalis\u00e9s auxquels nos clients peuvent faire confiance. Nous sommes fiers de r\u00e9pondre aux besoins uniques et complexes de chaque client en mati\u00e8re de transport. Nous mettons tout en oeuvre pour fournir \u00e0 nos clients des informations de qualit\u00e9 au sujet du rep\u00e9rage des produits et des politiques de prix avantageuses pour tous. Nous ajoutons de la valeur aux r\u00e9sultats financiers de nos clients. Nous prenons la responsabilit\u00e9 de servir nos clients avec le plus grand soin et dans les plus brefs d\u00e9lais.\" \/>\n<meta property=\"og:url\" content=\"https:\/\/vitessetransport.com\/about\/corporate-team\/\" \/>\n<meta property=\"og:site_name\" content=\"Vitesse Transport\" \/>\n<meta property=\"article:publisher\" content=\"http:\/\/www.facebook.com\/pages\/Vitesse-Transport-Corporation\/97927656812\" \/>\n<meta property=\"article:modified_time\" content=\"2023-10-27T19:28:59+00:00\" \/>\n<meta property=\"og:image\" content=\"https:\/\/vitessetransport.com\/wp-content\/uploads\/2019\/11\/corporate-team-aldo-decarolis.jpg\" \/>\n<meta name=\"twitter:card\" content=\"summary_large_image\" \/>\n<meta name=\"twitter:site\" content=\"@vtc_transport\" \/>\n<meta name=\"twitter:label1\" content=\"Estimation du temps de lecture\" \/>\n\t<meta name=\"twitter:data1\" content=\"2 minutes\" \/>\n<script type=\"application\/ld+json\" class=\"yoast-schema-graph\">{\"@context\":\"https:\\\/\\\/schema.org\",\"@graph\":[{\"@type\":\"WebPage\",\"@id\":\"https:\\\/\\\/vitessetransport.com\\\/about\\\/corporate-team\\\/\",\"url\":\"https:\\\/\\\/vitessetransport.com\\\/about\\\/corporate-team\\\/\",\"name\":\"L'\u00e9quipe de direction de Vitesse. | Vitesse Transport\",\"isPartOf\":{\"@id\":\"https:\\\/\\\/vitessetransport.com\\\/#website\"},\"primaryImageOfPage\":{\"@id\":\"https:\\\/\\\/vitessetransport.com\\\/about\\\/corporate-team\\\/#primaryimage\"},\"image\":{\"@id\":\"https:\\\/\\\/vitessetransport.com\\\/about\\\/corporate-team\\\/#primaryimage\"},\"thumbnailUrl\":\"https:\\\/\\\/vitessetransport.com\\\/wp-content\\\/uploads\\\/2019\\\/11\\\/corporate-team-aldo-decarolis.jpg\",\"datePublished\":\"2020-01-06T14:43:17+00:00\",\"dateModified\":\"2023-10-27T19:28:59+00:00\",\"description\":\"Notre objectif est d'offrir des services de transport fiables et personnalis\u00e9s auxquels nos clients peuvent faire confiance. Nous sommes fiers de r\u00e9pondre aux besoins uniques et complexes de chaque client en mati\u00e8re de transport. Nous mettons tout en oeuvre pour fournir \u00e0 nos clients des informations de qualit\u00e9 au sujet du rep\u00e9rage des produits et des politiques de prix avantageuses pour tous. Nous ajoutons de la valeur aux r\u00e9sultats financiers de nos clients. Nous prenons la responsabilit\u00e9 de servir nos clients avec le plus grand soin et dans les plus brefs d\u00e9lais.\",\"breadcrumb\":{\"@id\":\"https:\\\/\\\/vitessetransport.com\\\/about\\\/corporate-team\\\/#breadcrumb\"},\"inLanguage\":\"fr-CA\",\"potentialAction\":[{\"@type\":\"ReadAction\",\"target\":[\"https:\\\/\\\/vitessetransport.com\\\/about\\\/corporate-team\\\/\"]}]},{\"@type\":\"ImageObject\",\"inLanguage\":\"fr-CA\",\"@id\":\"https:\\\/\\\/vitessetransport.com\\\/about\\\/corporate-team\\\/#primaryimage\",\"url\":\"https:\\\/\\\/vitessetransport.com\\\/wp-content\\\/uploads\\\/2019\\\/11\\\/corporate-team-aldo-decarolis.jpg\",\"contentUrl\":\"https:\\\/\\\/vitessetransport.com\\\/wp-content\\\/uploads\\\/2019\\\/11\\\/corporate-team-aldo-decarolis.jpg\"},{\"@type\":\"BreadcrumbList\",\"@id\":\"https:\\\/\\\/vitessetransport.com\\\/about\\\/corporate-team\\\/#breadcrumb\",\"itemListElement\":[{\"@type\":\"ListItem\",\"position\":1,\"name\":\"Accueil\",\"item\":\"https:\\\/\\\/vitessetransport.com\\\/fr\\\/\"},{\"@type\":\"ListItem\",\"position\":2,\"name\":\"Nous sommes\",\"item\":\"https:\\\/\\\/vitessetransport.com\\\/fr\\\/nous-sommes-vitesse-transport\\\/\"},{\"@type\":\"ListItem\",\"position\":3,\"name\":\"\u00c9quipe corporative\"}]},{\"@type\":\"WebSite\",\"@id\":\"https:\\\/\\\/vitessetransport.com\\\/#website\",\"url\":\"https:\\\/\\\/vitessetransport.com\\\/\",\"name\":\"Vitesse Transport\",\"description\":\"Transport Canada USA Mexique\",\"publisher\":{\"@id\":\"https:\\\/\\\/vitessetransport.com\\\/#organization\"},\"potentialAction\":[{\"@type\":\"SearchAction\",\"target\":{\"@type\":\"EntryPoint\",\"urlTemplate\":\"https:\\\/\\\/vitessetransport.com\\\/?s={search_term_string}\"},\"query-input\":{\"@type\":\"PropertyValueSpecification\",\"valueRequired\":true,\"valueName\":\"search_term_string\"}}],\"inLanguage\":\"fr-CA\"},{\"@type\":\"Organization\",\"@id\":\"https:\\\/\\\/vitessetransport.com\\\/#organization\",\"name\":\"Vitesse Transport\",\"url\":\"https:\\\/\\\/vitessetransport.com\\\/\",\"logo\":{\"@type\":\"ImageObject\",\"inLanguage\":\"fr-CA\",\"@id\":\"https:\\\/\\\/vitessetransport.com\\\/#\\\/schema\\\/logo\\\/image\\\/\",\"url\":\"https:\\\/\\\/vitessetransport.com\\\/wp-content\\\/uploads\\\/2019\\\/11\\\/favicon.png\",\"contentUrl\":\"https:\\\/\\\/vitessetransport.com\\\/wp-content\\\/uploads\\\/2019\\\/11\\\/favicon.png\",\"width\":512,\"height\":512,\"caption\":\"Vitesse Transport\"},\"image\":{\"@id\":\"https:\\\/\\\/vitessetransport.com\\\/#\\\/schema\\\/logo\\\/image\\\/\"},\"sameAs\":[\"http:\\\/\\\/www.facebook.com\\\/pages\\\/Vitesse-Transport-Corporation\\\/97927656812\",\"https:\\\/\\\/x.com\\\/vtc_transport\",\"https:\\\/\\\/www.instagram.com\\\/vitessetransport\\\/\",\"https:\\\/\\\/www.linkedin.com\\\/company\\\/vitesse-transport-corporation\\\/\",\"https:\\\/\\\/www.youtube.com\\\/user\\\/VtcSocialBiz\\\/playlists\"]}]}<\/script>\n<!-- \/ Yoast SEO plugin. -->","yoast_head_json":{"title":"L'\u00e9quipe de direction de Vitesse. | Vitesse Transport","description":"Notre objectif est d'offrir des services de transport fiables et personnalis\u00e9s auxquels nos clients peuvent faire confiance. Nous sommes fiers de r\u00e9pondre aux besoins uniques et complexes de chaque client en mati\u00e8re de transport. Nous mettons tout en oeuvre pour fournir \u00e0 nos clients des informations de qualit\u00e9 au sujet du rep\u00e9rage des produits et des politiques de prix avantageuses pour tous. Nous ajoutons de la valeur aux r\u00e9sultats financiers de nos clients. Nous prenons la responsabilit\u00e9 de servir nos clients avec le plus grand soin et dans les plus brefs d\u00e9lais.","robots":{"index":"index","follow":"follow","max-snippet":"max-snippet:-1","max-image-preview":"max-image-preview:large","max-video-preview":"max-video-preview:-1"},"canonical":"https:\/\/vitessetransport.com\/about\/corporate-team\/","og_locale":"fr_CA","og_type":"article","og_title":"L'\u00e9quipe de direction de Vitesse. | Vitesse Transport","og_description":"Notre objectif est d'offrir des services de transport fiables et personnalis\u00e9s auxquels nos clients peuvent faire confiance. Nous sommes fiers de r\u00e9pondre aux besoins uniques et complexes de chaque client en mati\u00e8re de transport. Nous mettons tout en oeuvre pour fournir \u00e0 nos clients des informations de qualit\u00e9 au sujet du rep\u00e9rage des produits et des politiques de prix avantageuses pour tous. Nous ajoutons de la valeur aux r\u00e9sultats financiers de nos clients. Nous prenons la responsabilit\u00e9 de servir nos clients avec le plus grand soin et dans les plus brefs d\u00e9lais.","og_url":"https:\/\/vitessetransport.com\/about\/corporate-team\/","og_site_name":"Vitesse Transport","article_publisher":"http:\/\/www.facebook.com\/pages\/Vitesse-Transport-Corporation\/97927656812","article_modified_time":"2023-10-27T19:28:59+00:00","og_image":[{"url":"https:\/\/vitessetransport.com\/wp-content\/uploads\/2019\/11\/corporate-team-aldo-decarolis.jpg","type":"","width":"","height":""}],"twitter_card":"summary_large_image","twitter_site":"@vtc_transport","twitter_misc":{"Estimation du temps de lecture":"2 minutes"},"schema":{"@context":"https:\/\/schema.org","@graph":[{"@type":"WebPage","@id":"https:\/\/vitessetransport.com\/about\/corporate-team\/","url":"https:\/\/vitessetransport.com\/about\/corporate-team\/","name":"L'\u00e9quipe de direction de Vitesse. | Vitesse Transport","isPartOf":{"@id":"https:\/\/vitessetransport.com\/#website"},"primaryImageOfPage":{"@id":"https:\/\/vitessetransport.com\/about\/corporate-team\/#primaryimage"},"image":{"@id":"https:\/\/vitessetransport.com\/about\/corporate-team\/#primaryimage"},"thumbnailUrl":"https:\/\/vitessetransport.com\/wp-content\/uploads\/2019\/11\/corporate-team-aldo-decarolis.jpg","datePublished":"2020-01-06T14:43:17+00:00","dateModified":"2023-10-27T19:28:59+00:00","description":"Notre objectif est d'offrir des services de transport fiables et personnalis\u00e9s auxquels nos clients peuvent faire confiance. Nous sommes fiers de r\u00e9pondre aux besoins uniques et complexes de chaque client en mati\u00e8re de transport. Nous mettons tout en oeuvre pour fournir \u00e0 nos clients des informations de qualit\u00e9 au sujet du rep\u00e9rage des produits et des politiques de prix avantageuses pour tous. Nous ajoutons de la valeur aux r\u00e9sultats financiers de nos clients. Nous prenons la responsabilit\u00e9 de servir nos clients avec le plus grand soin et dans les plus brefs d\u00e9lais.","breadcrumb":{"@id":"https:\/\/vitessetransport.com\/about\/corporate-team\/#breadcrumb"},"inLanguage":"fr-CA","potentialAction":[{"@type":"ReadAction","target":["https:\/\/vitessetransport.com\/about\/corporate-team\/"]}]},{"@type":"ImageObject","inLanguage":"fr-CA","@id":"https:\/\/vitessetransport.com\/about\/corporate-team\/#primaryimage","url":"https:\/\/vitessetransport.com\/wp-content\/uploads\/2019\/11\/corporate-team-aldo-decarolis.jpg","contentUrl":"https:\/\/vitessetransport.com\/wp-content\/uploads\/2019\/11\/corporate-team-aldo-decarolis.jpg"},{"@type":"BreadcrumbList","@id":"https:\/\/vitessetransport.com\/about\/corporate-team\/#breadcrumb","itemListElement":[{"@type":"ListItem","position":1,"name":"Accueil","item":"https:\/\/vitessetransport.com\/fr\/"},{"@type":"ListItem","position":2,"name":"Nous sommes","item":"https:\/\/vitessetransport.com\/fr\/nous-sommes-vitesse-transport\/"},{"@type":"ListItem","position":3,"name":"\u00c9quipe corporative"}]},{"@type":"WebSite","@id":"https:\/\/vitessetransport.com\/#website","url":"https:\/\/vitessetransport.com\/","name":"Vitesse Transport","description":"Transport Canada USA Mexique","publisher":{"@id":"https:\/\/vitessetransport.com\/#organization"},"potentialAction":[{"@type":"SearchAction","target":{"@type":"EntryPoint","urlTemplate":"https:\/\/vitessetransport.com\/?s={search_term_string}"},"query-input":{"@type":"PropertyValueSpecification","valueRequired":true,"valueName":"search_term_string"}}],"inLanguage":"fr-CA"},{"@type":"Organization","@id":"https:\/\/vitessetransport.com\/#organization","name":"Vitesse Transport","url":"https:\/\/vitessetransport.com\/","logo":{"@type":"ImageObject","inLanguage":"fr-CA","@id":"https:\/\/vitessetransport.com\/#\/schema\/logo\/image\/","url":"https:\/\/vitessetransport.com\/wp-content\/uploads\/2019\/11\/favicon.png","contentUrl":"https:\/\/vitessetransport.com\/wp-content\/uploads\/2019\/11\/favicon.png","width":512,"height":512,"caption":"Vitesse Transport"},"image":{"@id":"https:\/\/vitessetransport.com\/#\/schema\/logo\/image\/"},"sameAs":["http:\/\/www.facebook.com\/pages\/Vitesse-Transport-Corporation\/97927656812","https:\/\/x.com\/vtc_transport","https:\/\/www.instagram.com\/vitessetransport\/","https:\/\/www.linkedin.com\/company\/vitesse-transport-corporation\/","https:\/\/www.youtube.com\/user\/VtcSocialBiz\/playlists"]}]}},"_links":{"self":[{"href":"https:\/\/vitessetransport.com\/fr\/wp-json\/wp\/v2\/pages\/4364","targetHints":{"allow":["GET"]}}],"collection":[{"href":"https:\/\/vitessetransport.com\/fr\/wp-json\/wp\/v2\/pages"}],"about":[{"href":"https:\/\/vitessetransport.com\/fr\/wp-json\/wp\/v2\/types\/page"}],"author":[{"embeddable":true,"href":"https:\/\/vitessetransport.com\/fr\/wp-json\/wp\/v2\/users\/1"}],"replies":[{"embeddable":true,"href":"https:\/\/vitessetransport.com\/fr\/wp-json\/wp\/v2\/comments?post=4364"}],"version-history":[{"count":39,"href":"https:\/\/vitessetransport.com\/fr\/wp-json\/wp\/v2\/pages\/4364\/revisions"}],"predecessor-version":[{"id":6730,"href":"https:\/\/vitessetransport.com\/fr\/wp-json\/wp\/v2\/pages\/4364\/revisions\/6730"}],"up":[{"embeddable":true,"href":"https:\/\/vitessetransport.com\/fr\/wp-json\/wp\/v2\/pages\/4449"}],"wp:attachment":[{"href":"https:\/\/vitessetransport.com\/fr\/wp-json\/wp\/v2\/media?parent=4364"}],"curies":[{"name":"wp","href":"https:\/\/api.w.org\/{rel}","templated":true}]}}